{"id":7896,"date":"2024-11-04T17:08:45","date_gmt":"2024-11-04T14:08:45","guid":{"rendered":"https:\/\/soscocukkoyu.org\/?page_id=7896"},"modified":"2024-11-04T17:20:35","modified_gmt":"2024-11-04T14:20:35","slug":"cocuk-haklari","status":"publish","type":"page","link":"https:\/\/soscocukkoyu.org\/en\/cocuk-haklari\/","title":{"rendered":"\u00c7ocuk Haklar\u0131"},"content":{"rendered":"<p>[vc_row full_width=&#8221;stretch_row_content_no_spaces&#8221; css=&#8221;.vc_custom_1728464441285{background-position: center !important;background-repeat: no-repeat !important;background-size: cover !important;}&#8221;][vc_column css=&#8221;.vc_custom_1728464370710{margin-top: 0px !important;border-top-width: 0px !important;padding-top: 150px !important;padding-bottom: 150px !important;background-image: url(https:\/\/soscocukkoyu.org\/wp-content\/uploads\/2019\/03\/header-bg.png?id=1253) !important;background-position: center !important;background-repeat: no-repeat !important;background-size: cover !important;}&#8221;][vc_custom_heading source=&#8221;post_title&#8221; font_container=&#8221;tag:h2|font_size:36px|text_align:center|color:%23ffffff&#8221; use_theme_fonts=&#8221;yes&#8221; el_class=&#8221;titlebaslik&#8221;][\/vc_column][\/vc_row][vc_row][vc_column][vc_single_image image=&#8221;7911&#8243; img_size=&#8221;full&#8221; alignment=&#8221;center&#8221;][vc_column_text]\u00c7ocuk haklar\u0131, kanunen veya ahlaki olarak d\u00fcnya \u00fczerindeki t\u00fcm \u00e7ocuklar\u0131n do\u011fu\u015ftan sahip oldu\u011fu; e\u011fitim, sa\u011fl\u0131k, ya\u015fama, bar\u0131nma; fiziksel, psikolojik veya cinsel s\u00f6m\u00fcr\u00fcye kar\u015f\u0131 korunma gibi haklar\u0131n\u0131n hepsini birden tan\u0131mlamakta kullan\u0131lan evrensel kavramd\u0131r.<\/p>\n<p>\u00c7ocuk Haklar\u0131 konusunda devlet ile beraber hepimiz SORUMLUYUZ\u2757<br \/>\nBiz haklar\u0131n ve sorumluluklar\u0131m\u0131z\u0131n fark\u0131nday\u0131z\u2757<br \/>\nHAK ED\u0130YORUM\u2757HAK \u0130ST\u0130YORUM\u2757[\/vc_column_text][\/vc_column][\/vc_row][vc_row][vc_column][vc_single_image image=&#8221;7902&#8243; img_size=&#8221;600&#215;600&#8243; alignment=&#8221;center&#8221;][vc_column_text]HAK ED\u0130YORUM! HAK \u0130ST\u0130YORUM!<br \/>\nBirle\u015fmi\u015f Milletler Genel Kurulu, \u00e7ocuklar\u0131n haklar\u0131n\u0131 d\u00fczenleyen \u00c7ocuk Haklar\u0131na Dair S\u00f6zle\u015fme\u2019yi 20 Kas\u0131m 1989\u2019da kabul etti. S\u00f6zle\u015fme, \u00fclkemizde 12 Mart 1996 y\u0131l\u0131nda Cumhuriyet Meclisi\u2019nde kabul edildi; yani \u00c7ocuk Haklar\u0131na Dair S\u00f6zle\u015fme uyar\u0131nca \u00fclkemizde devlet ile beraber HEP\u0130M\u0130Z SORUMLUYUZ!<\/p>\n<p>\u00c7ocuk haklar\u0131n\u0131 savunmak, gelece\u011fi savunmakt\u0131r. Hep birlikte \u00e7ocuklar\u0131m\u0131za daha parlak ve adil bir gelecek sunal\u0131m[\/vc_column_text][\/vc_column][\/vc_row][vc_row][vc_column][vc_single_image image=&#8221;7903&#8243; img_size=&#8221;600&#215;600&#8243; alignment=&#8221;center&#8221;][vc_column_text]Ayr\u0131m g\u00f6zetmeksizin her \u00e7ocuk e\u015fit haklara sahiptir ve her \u00e7ocu\u011fun e\u011fitime eri\u015fimde e\u015fit haklar\u0131 var. Oysa UNICEF\u2019in raporuna g\u00f6re 2030 y\u0131l\u0131na geldi\u011fimizde, ilkokul \u00f6tesinde hi\u00e7bir e\u011fitimi bulunmayan 1,5 milyar yeti\u015fkin olacak. BU SORUNU G\u00d6RMEZDEN GELEMEY\u0130Z\u2757\ufe0f<\/p>\n<p>Bir \u00fclkenin gelece\u011fini in\u015fa edecek olan nesillerin, kaliteli e\u011fitim alabilmesi t\u00fcm toplumun ortak sorumlulu\u011fudur.<br \/>\nT\u00fcm \u00e7ocuklar\u0131n nitelikli ve e\u015fit e\u011fitim alabilmesi i\u00e7in hep birlikte daha fazla \u00e7aba g\u00f6stermeliyiz![\/vc_column_text][\/vc_column][\/vc_row][vc_row][vc_column][vc_single_image image=&#8221;7909&#8243; img_size=&#8221;600&#215;600&#8243; alignment=&#8221;center&#8221;][vc_column_text]54 maddeden ve bu maddelerin f\u0131kralar\u0131ndan olu\u015fan Birle\u015fmi\u015f Milletler \u00c7ocuk Haklar\u0131na Dair S\u00f6zle\u015fme, g\u00fcn\u00fcm\u00fczde \u00e7ocuklar\u0131n haklar\u0131n\u0131 korumak i\u00e7in en geni\u015f kapsaml\u0131 hukuk\u00ee metin durumunda.<br \/>\n\u00c7ocuk haklar\u0131 s\u00f6zle\u015fmesi bir yandan ortada dururken, di\u011fer taraftan bu s\u00f6zle\u015fmeye taraf \u00fclkelerin baz\u0131lar\u0131nda \u00e7ocuklar istismara ve k\u00f6t\u00fc muameleye maruz kal\u0131yor; temel hak ve \u00f6zg\u00fcrl\u00fcklerinden mahrum ediliyor\u2757\ufe0f<br \/>\n\u00c7ocuklar\u0131n ya\u015flar\u0131na uygun olmayan herhangi bir eylem g\u00f6rd\u00fc\u011f\u00fcn\u00fczde, \u00e7ocu\u011fa y\u00f6nelik her t\u00fcrl\u00fc istismar ve ihmale kar\u015f\u0131 SES\u0130M\u0130Z\u0130 Y\u00dcKSELTEL\u0130M![\/vc_column_text][\/vc_column][\/vc_row][vc_row][vc_column][vc_single_image image=&#8221;7904&#8243; img_size=&#8221;600&#215;600&#8243; alignment=&#8221;center&#8221;][vc_column_text]UNICEF 2019 raporuna g\u00f6re, D\u00fcnya \u00fczerinde be\u015f ya\u015f\u0131ndan k\u00fc\u00e7\u00fck her 3 \u00e7ocuktan 1\u2019i k\u00f6t\u00fc besleniyor; iki ya\u015f\u0131ndan k\u00fc\u00e7\u00fck her 3 \u00e7ocuktan 2\u2019si de yetersiz g\u0131da al\u0131yor!<br \/>\nYetersiz beslenme, \u00e7ocuklar\u0131n hem fiziksel hem de zihinsel geli\u015fimlerini olumsuz etkiliyor.<br \/>\nBu trajik durum, hepimizin gelece\u011fini belirliyor. Her \u00e7ocu\u011fun sa\u011fl\u0131kl\u0131 beslenme hakk\u0131 var!<br \/>\n<a href=\"https:\/\/www.unicef.org\/turkiye\/raporlar\/unicef-t%C3%BCrkiye-y%C4%B1ll%C4%B1k-raporu- 2019\">Link<\/a>[\/vc_column_text][\/vc_column][\/vc_row][vc_row][vc_column][vc_single_image image=&#8221;7905&#8243; img_size=&#8221;600&#215;600&#8243; alignment=&#8221;center&#8221;][vc_column_text]T\u00fcm \u00e7ocuklar\u0131n her t\u00fcrl\u00fc ihmal ve istismara kar\u015f\u0131 korunma hakk\u0131 vard\u0131r. Ancak her g\u00fcn pek \u00e7ok \u00e7ocuk evde, okulda veya bulunduklar\u0131 topluluklarda \u015fiddete tan\u0131kl\u0131k ediyor veya \u015fiddete maruz kal\u0131yor.<br \/>\nH\u00fck\u00fcmetler, yeti\u015fkinler ve \u00e7ocuklar\u0131n bu engellerin \u00fcstesinden gelmek i\u00e7in birlikte \u00e7al\u0131\u015fmalar\u0131 gerekiyor. B\u00f6ylelikle her \u00e7ocuk, sevgi dolu, g\u00fcvenli bir ortamda b\u00fcy\u00fcme haklar\u0131ndan faydalanabilecek ve potansiyellerini en iyi \u015fekilde ger\u00e7ekle\u015ftirebilecek.[\/vc_column_text][\/vc_column][\/vc_row][vc_row][vc_column][vc_single_image image=&#8221;7906&#8243; img_size=&#8221;600&#215;600&#8243; alignment=&#8221;center&#8221;][vc_column_text]\u00c7OCUKLARIN SESLER\u0130N\u0130 DUYUYOR MUYUZ?<br \/>\n\u00c7ocuklar\u0131n kendilerini etkileyen konularda d\u00fc\u015f\u00fcncelerinin dikkate al\u0131nmas\u0131 hakk\u0131 vard\u0131r. Ancak pek \u00e7ok yeti\u015fkin, \u00e7ocuklar\u0131n ya\u015famlar\u0131nda kar\u015f\u0131la\u015fabilecekleri sorunlar\u0131 \u00e7\u00f6zmek \u00fczere en iyi yolu bulmalar\u0131 i\u00e7in onlar\u0131n g\u00f6r\u00fc\u015flerini dinlemeye zaman ay\u0131rm\u0131yor veya onlarla i\u015f birli\u011fi<br \/>\nyapm\u0131yor.<br \/>\nH\u00fck\u00fcmetler, yeti\u015fkinler ve \u00e7ocuklar\u0131n bu engellerin \u00fcstesinden gelmek i\u00e7in birlikte \u00e7al\u0131\u015fmalar\u0131 gerekiyor. B\u00f6ylelikle \u00e7ocuklar haklar\u0131n\u0131 ya\u015fayabilecekler ve potansiyellerini en iyi \u015fekilde ger\u00e7ekle\u015ftirebilecekler.<\/p>\n<p>\u00c7ocuk Haklar\u0131 konusunda devlet ile beraber hepimiz SORUMLUYUZ\u2757[\/vc_column_text][\/vc_column][\/vc_row][vc_row][vc_column][vc_single_image image=&#8221;7907&#8243; img_size=&#8221;600&#215;600&#8243; alignment=&#8221;center&#8221;][vc_column_text]Uluslararas\u0131 \u00c7al\u0131\u015fma \u00d6rg\u00fct\u00fc, d\u00fcnya genelinde, ya\u015flar\u0131 5 ila 17 olan 160 milyon \u00e7ocu\u011fun \u00e7al\u0131\u015fmaya zorland\u0131\u011f\u0131na ve bu nedenle e\u011fitim, sa\u011fl\u0131k olanaklar\u0131ndan ve oyun oynama haklar\u0131ndan yoksun kald\u0131\u011f\u0131na dikkati \u00e7ekiyor.<br \/>\n\u00c7ocuklar\u0131n oyun ihtiya\u00e7lar\u0131n\u0131n fark\u0131nda olmal\u0131; oyun, k\u00fclt\u00fcr ve spor alanlar\u0131nda \u00e7ocuklar\u0131n da fikirlerini alarak aktif olmas\u0131n\u0131 sa\u011flamal\u0131y\u0131z\u2757[\/vc_column_text][\/vc_column][\/vc_row][vc_row][vc_column][vc_single_image image=&#8221;7908&#8243; img_size=&#8221;600&#215;600&#8243; alignment=&#8221;center&#8221;][vc_column_text]Her \u00e7ocu\u011fun sa\u011fl\u0131k hizmetinden yararlanma hakk\u0131 vard\u0131r. Hastal\u0131klardan korunmas\u0131 devletin ve toplumun g\u00fcvencesi alt\u0131nda olup t\u00fcm \u00e7ocuklar tedavi haklar\u0131na eri\u015febilmelidir.[\/vc_column_text][\/vc_column][\/vc_row]<\/p>\n","protected":false},"excerpt":{"rendered":"<p>[vc_row full_width=&#8221;stretch_row_content_no_spaces&#8221; css=&#8221;.vc_custom_1728464441285{background-position: center !important;background-repeat: no-repeat !important;background-size: cover !important;}&#8221;][vc_column css=&#8221;.vc_custom_1728464370710{margin-top: 0px !important;border-top-width: 0px !important;padding-top: 150px !important;padding-bottom: 150px !important;background-image: url(https:\/\/soscocukkoyu.org\/wp-content\/uploads\/2019\/03\/header-bg.png?id=1253) !important;background-position: center !important;background-repeat: no-repeat !important;background-size: cover !important;}&#8221;][vc_custom_heading source=&#8221;post_title&#8221; font_container=&#8221;tag:h2|font_size:36px|text_align:center|color:%23ffffff&#8221; use_theme_fonts=&#8221;yes&#8221; el_class=&#8221;titlebaslik&#8221;][\/vc_column][\/vc_row][vc_row][vc_column][vc_single_image image=&#8221;7911&#8243; img_size=&#8221;full&#8221; alignment=&#8221;center&#8221;][vc_column_text]\u00c7ocuk haklar\u0131, kanunen veya ahlaki olarak d\u00fcnya \u00fczerindeki t\u00fcm \u00e7ocuklar\u0131n do\u011fu\u015ftan sahip oldu\u011fu; e\u011fitim, sa\u011fl\u0131k, ya\u015fama, bar\u0131nma; fiziksel, psikolojik veya cinsel s\u00f6m\u00fcr\u00fcye kar\u015f\u0131 [&hellip;]<\/p>\n","protected":false},"author":1,"featured_media":0,"parent":0,"menu_order":0,"comment_status":"closed","ping_status":"closed","template":"","meta":{"h5ap_radio_sources":[],"footnotes":""},"class_list":["post-7896","page","type-page","status-publish","hentry"],"_links":{"self":[{"href":"https:\/\/soscocukkoyu.org\/en\/wp-json\/wp\/v2\/pages\/7896","targetHints":{"allow":["GET"]}}],"collection":[{"href":"https:\/\/soscocukkoyu.org\/en\/wp-json\/wp\/v2\/pages"}],"about":[{"href":"https:\/\/soscocukkoyu.org\/en\/wp-json\/wp\/v2\/types\/page"}],"author":[{"embeddable":true,"href":"https:\/\/soscocukkoyu.org\/en\/wp-json\/wp\/v2\/users\/1"}],"replies":[{"embeddable":true,"href":"https:\/\/soscocukkoyu.org\/en\/wp-json\/wp\/v2\/comments?post=7896"}],"version-history":[{"count":11,"href":"https:\/\/soscocukkoyu.org\/en\/wp-json\/wp\/v2\/pages\/7896\/revisions"}],"predecessor-version":[{"id":7920,"href":"https:\/\/soscocukkoyu.org\/en\/wp-json\/wp\/v2\/pages\/7896\/revisions\/7920"}],"wp:attachment":[{"href":"https:\/\/soscocukkoyu.org\/en\/wp-json\/wp\/v2\/media?parent=7896"}],"curies":[{"name":"wp","href":"https:\/\/api.w.org\/{rel}","templated":true}]}}